{"id":11794,"date":"2016-06-01T21:16:19","date_gmt":"2016-06-01T21:16:19","guid":{"rendered":"http:\/\/10.100.150.187\/renfa\/?page_id=11794"},"modified":"2018-04-06T12:23:09","modified_gmt":"2018-04-06T15:23:09","slug":"formacion-y-capacitacion","status":"publish","type":"page","link":"https:\/\/renfa.sma.gob.cl\/index.php\/formacion-y-capacitacion\/","title":{"rendered":"Formaci\u00f3n y Capacitaci\u00f3n"},"content":{"rendered":"<p><div class=\"fusion-fullwidth fullwidth-box nonhundred-percent-fullwidth non-hundred-percent-height-scrolling\"  style='background-color: #ffffff;background-position: left top;background-repeat: no-repeat;padding-top:20px;padding-right:0px;padding-bottom:20px;padding-left:0px;border-top-width:0px;border-bottom-width:0px;border-color:#eae9e9;border-top-style:solid;border-bottom-style:solid;'><div class=\"fusion-builder-row fusion-row \"><div  class=\"fusion-layout-column fusion_builder_column fusion_builder_column_1_1 fusion-builder-column-1 fusion-one-full fusion-column-first fusion-column-last fusion-column-no-min-height 1_1\"  style='margin-top:0px;margin-bottom:0px;'>\n\t\t\t\t\t<div class=\"fusion-column-wrapper\" style=\"background-position:left top;background-repeat:no-repeat;-webkit-background-size:cover;-moz-background-size:cover;-o-background-size:cover;background-size:cover;\"   data-bg-url=\"\">\n\t\t\t\t\t\t<div class=\"fusion-title title fusion-title-1 sep-underline sep-dotted fusion-title-size-one\" style=\"border-bottom-color:#1d5f77;margin-top:0px;margin-bottom:30px;\"><h1 class=\"title-heading-left\" style=\"margin:0;\"><span style=\"color: #1d5f77;\">Formaci\u00f3n y Capacitaci\u00f3n<\/span><\/h1><\/div><div class=\"fusion-clearfix\"><\/div>\n\n\t\t\t\t\t<\/div>\n\t\t\t\t<\/div><div  class=\"fusion-layout-column fusion_builder_column fusion_builder_column_1_1 fusion-builder-column-2 fusion-one-full fusion-column-first fusion-column-last 1_1\"  style='margin-top:0px;margin-bottom:20px;'>\n\t\t\t\t\t<div class=\"fusion-column-wrapper\" style=\"background-position:left top;background-repeat:no-repeat;-webkit-background-size:cover;-moz-background-size:cover;-o-background-size:cover;background-size:cover;\"   data-bg-url=\"\">\n\t\t\t\t\t\t<div class=\"fusion-text\"><p style=\"text-align: justify;\">Esta secci\u00f3n ser\u00e1 una v\u00eda de comunicaci\u00f3n para informar a los funcionarios de RENFA sobre las distintas formas de capacitaci\u00f3n a las que pueden acceder, as\u00ed como las instrucciones asociadas.<\/p>\n<\/div><div class=\"fusion-clearfix\"><\/div>\n\n\t\t\t\t\t<\/div>\n\t\t\t\t<\/div><\/div><\/div><div class=\"fusion-fullwidth fullwidth-box nonhundred-percent-fullwidth non-hundred-percent-height-scrolling\"  style='background-color: #ffffff;background-position: left top;background-repeat: no-repeat;padding-top:20px;padding-right:0px;padding-bottom:20px;padding-left:0px;border-top-width:0px;border-bottom-width:0px;border-color:#eae9e9;border-top-style:solid;border-bottom-style:solid;'><div class=\"fusion-builder-row fusion-row \"><div  class=\"fusion-layout-column fusion_builder_column fusion_builder_column_1_1 fusion-builder-column-3 fusion-one-full fusion-column-first fusion-column-last 1_1\"  style='margin-top:0px;margin-bottom:20px;'>\n\t\t\t\t\t<div class=\"fusion-column-wrapper\" style=\"background-position:left top;background-repeat:no-repeat;-webkit-background-size:cover;-moz-background-size:cover;-o-background-size:cover;background-size:cover;\"   data-bg-url=\"\">\n\t\t\t\t\t\t<div class=\"fusion-blog-shortcode fusion-blog-shortcode-1 fusion-blog-archive fusion-blog-layout-medium fusion-blog-pagination\"><div class=\"fusion-posts-container fusion-posts-container-pagination fusion-blog-rollover\" data-pages=\"2\"><article id=\"blog-1-post-14957\" class=\"fusion-post-medium post-14957 post type-post status-publish format-standard has-post-thumbnail hentry category-formacion-y-capacitacion\">\n\t<style type=\"text\/css\">\n\t\t\n\t\t\n\t\t\n\t\t\n\t\t\t<\/style>\n\n\n\t\t\t<div class=\"fusion-flexslider flexslider fusion-flexslider-loading fusion-post-slideshow\" style=\"\">\n\t\t<ul class=\"slides\">\n\t\t\t\n\t\t\t\t\t\t\t\t\t\t\t\t\t\t<li>\n\n<div  class=\"fusion-image-wrapper fusion-image-size-fixed\" aria-haspopup=\"true\">\n\t\n\t\n\t\t\n\t\t\t\t\t<img width=\"320\" height=\"202\" src=\"https:\/\/renfa.sma.gob.cl\/wp-content\/uploads\/2019\/03\/Captura-320x202.png\" class=\"attachment-blog-medium size-blog-medium wp-post-image\" alt=\"\" decoding=\"async\" srcset=\"https:\/\/renfa.sma.gob.cl\/wp-content\/uploads\/2019\/03\/Captura-320x202.png 320w, https:\/\/renfa.sma.gob.cl\/wp-content\/uploads\/2019\/03\/Captura-700x441.png 700w\" sizes=\"(max-width: 320px) 100vw, 320px\" \/>\n\t\n\n\t\t<div class=\"fusion-rollover\">\n\t<div class=\"fusion-rollover-content\">\n\n\t\t\t\t\t\t\t\t\t\t\t\t\t\t<a class=\"fusion-rollover-link\" href=\"https:\/\/renfa.sma.gob.cl\/index.php\/2019\/03\/15\/taller-de-gestion-y-coordinacion-de-emergencias-ambientales\/\">Taller de gesti\u00f3n y coordinaci\u00f3n de emergencias ambientales<\/a>\n\t\t\t\n\t\t\t\t\t\t\t\t\t\t\t\t\t\t\n\t\t\t\t\t\t\t\t\n\t\t\t\t\t\t\t\t\t\t\t\t\t<div class=\"fusion-rollover-sep\"><\/div>\n\t\t\t\t\n\t\t\t\t\t\t\t\t\t\t\t\t\t\t\t\t\t\t<a class=\"fusion-rollover-gallery\" href=\"https:\/\/renfa.sma.gob.cl\/wp-content\/uploads\/2019\/03\/Captura.png\" data-id=\"14957\" data-rel=\"iLightbox[gallery]\" data-title=\"Captura\" data-caption=\"\">\n\t\t\t\t\t\tGallery\t\t\t\t\t<\/a>\n\t\t\t\t\t\t\t\t\t\t\t\t\t\t\n\t\t\t\t\n\t\t\t\t\t\t\t\t\t\t\t\t<h4 class=\"fusion-rollover-title\">\n\t\t\t\t\t<a href=\"https:\/\/renfa.sma.gob.cl\/index.php\/2019\/03\/15\/taller-de-gestion-y-coordinacion-de-emergencias-ambientales\/\">\n\t\t\t\t\t\tTaller de gesti\u00f3n y coordinaci\u00f3n de emergencias ambientales\t\t\t\t\t<\/a>\n\t\t\t\t<\/h4>\n\t\t\t\n\t\t\t\t\t\t\t\t\t\t\t\t\t\t<div class=\"fusion-rollover-categories\"><a href=\"https:\/\/renfa.sma.gob.cl\/index.php\/category\/formacion-y-capacitacion\/\" rel=\"tag\">Formaci\u00f3n y capacitaci\u00f3n<\/a><\/div>\t\t\t\t\t\n\t\t\n\t\t\t\t<a class=\"fusion-link-wrapper\" href=\"https:\/\/renfa.sma.gob.cl\/index.php\/2019\/03\/15\/taller-de-gestion-y-coordinacion-de-emergencias-ambientales\/\" aria-label=\"Taller de gesti\u00f3n y coordinaci\u00f3n de emergencias ambientales\"><\/a>\n\t<\/div>\n<\/div>\n\n\t\n<\/div>\n<\/li>\n\t\t\t\n\t\t\t\n\t\t\t\t\t\t\t\t\t\t\t\t\t\t\t\t\t\t\t\t\t\t\t\t\t\t\t\t\t\t\t\t\t\t\t\t\t\t\t\t\t\t\t\t\t\t\t\t\t\t\t\t\t\t\t\t\t\t\t\t\t\t\t\t\t\t\t\t<\/ul>\n\t<\/div>\n\t<div class=\"fusion-post-content post-content\"><h2 class=\"blog-shortcode-post-title entry-title\"><a href=\"https:\/\/renfa.sma.gob.cl\/index.php\/2019\/03\/15\/taller-de-gestion-y-coordinacion-de-emergencias-ambientales\/\">Taller de gesti\u00f3n y coordinaci\u00f3n de emergencias ambientales<\/a><\/h2><div class=\"fusion-post-content-container\"><p> Taller de gesti\u00f3n y coordinaci\u00f3n de emergencias ambientales Actividad enmarcado en el Plan de trabajo de la RENFA, organizado en forma conjunta por la Superintendencia del Medio Ambiente y la Agencia de Protecci\u00f3n Ambiental [...]<\/p><\/div><\/div><div class=\"fusion-clearfix\"><\/div><div class=\"fusion-meta-info\"><div class=\"fusion-alignleft\"><span class=\"vcard\" style=\"display: none;\"><span class=\"fn\"><a href=\"https:\/\/renfa.sma.gob.cl\/index.php\/author\/paola-jara\/\" title=\"Publicados por Paola Jara\" rel=\"author\">Paola Jara<\/a><\/span><\/span><span class=\"updated\" style=\"display:none;\">2019-03-15T12:35:18-03:00<\/span><span>Marzo 15th, 2019<\/span><span class=\"fusion-inline-sep\">|<\/span>Categories: <a href=\"https:\/\/renfa.sma.gob.cl\/index.php\/category\/formacion-y-capacitacion\/\" rel=\"category tag\">Formaci\u00f3n y capacitaci\u00f3n<\/a><span class=\"fusion-inline-sep\">|<\/span><span class=\"fusion-comments\"><a href=\"https:\/\/renfa.sma.gob.cl\/index.php\/2019\/03\/15\/taller-de-gestion-y-coordinacion-de-emergencias-ambientales\/#respond\">0 Comments<\/a><\/span><\/div><div class=\"fusion-alignright\"><a class=\"fusion-read-more\" href=\"https:\/\/renfa.sma.gob.cl\/index.php\/2019\/03\/15\/taller-de-gestion-y-coordinacion-de-emergencias-ambientales\/\">Read More<\/a><\/div><\/div><\/article>\n<article id=\"blog-1-post-14782\" class=\"fusion-post-medium post-14782 post type-post status-publish format-standard has-post-thumbnail hentry category-formacion-y-capacitacion\">\n\t<style type=\"text\/css\">\n\t\t\n\t\t\n\t\t\n\t\t\n\t\t\t<\/style>\n\n\n\t\t\t<div class=\"fusion-flexslider flexslider fusion-flexslider-loading fusion-post-slideshow\" style=\"\">\n\t\t<ul class=\"slides\">\n\t\t\t\n\t\t\t\t\t\t\t\t\t\t\t\t\t\t<li>\n\n<div  class=\"fusion-image-wrapper fusion-image-size-fixed\" aria-haspopup=\"true\">\n\t\n\t\n\t\t\n\t\t\t\t\t<img width=\"320\" height=\"202\" src=\"https:\/\/renfa.sma.gob.cl\/wp-content\/uploads\/2018\/08\/seminario-2018-320x202.jpg\" class=\"attachment-blog-medium size-blog-medium wp-post-image\" alt=\"\" decoding=\"async\" srcset=\"https:\/\/renfa.sma.gob.cl\/wp-content\/uploads\/2018\/08\/seminario-2018-320x202.jpg 320w, https:\/\/renfa.sma.gob.cl\/wp-content\/uploads\/2018\/08\/seminario-2018-700x441.jpg 700w\" sizes=\"(max-width: 320px) 100vw, 320px\" \/>\n\t\n\n\t\t<div class=\"fusion-rollover\">\n\t<div class=\"fusion-rollover-content\">\n\n\t\t\t\t\t\t\t\t\t\t\t\t\t\t<a class=\"fusion-rollover-link\" href=\"https:\/\/renfa.sma.gob.cl\/index.php\/2018\/09\/28\/seminario-internacional-promocion-del-cumplimiento-ambiental-una-mirada-desde-la-fiscalizacion-a-la-sancion\/\">Seminario internacional: Promoci\u00f3n del Cumplimiento Ambiental, una mirada desde la fiscalizaci\u00f3n a la sanci\u00f3n<\/a>\n\t\t\t\n\t\t\t\t\t\t\t\t\t\t\t\t\t\t\n\t\t\t\t\t\t\t\t\n\t\t\t\t\t\t\t\t\t\t\t\t\t<div class=\"fusion-rollover-sep\"><\/div>\n\t\t\t\t\n\t\t\t\t\t\t\t\t\t\t\t\t\t\t\t\t\t\t<a class=\"fusion-rollover-gallery\" href=\"https:\/\/renfa.sma.gob.cl\/wp-content\/uploads\/2018\/08\/seminario-2018.jpg\" data-id=\"14782\" data-rel=\"iLightbox[gallery]\" data-title=\"seminario 2018\" data-caption=\"\">\n\t\t\t\t\t\tGallery\t\t\t\t\t<\/a>\n\t\t\t\t\t\t\t\t\t\t\t\t\t\t\n\t\t\t\t\n\t\t\t\t\t\t\t\t\t\t\t\t<h4 class=\"fusion-rollover-title\">\n\t\t\t\t\t<a href=\"https:\/\/renfa.sma.gob.cl\/index.php\/2018\/09\/28\/seminario-internacional-promocion-del-cumplimiento-ambiental-una-mirada-desde-la-fiscalizacion-a-la-sancion\/\">\n\t\t\t\t\t\tSeminario internacional: Promoci\u00f3n del Cumplimiento Ambiental, una mirada desde la fiscalizaci\u00f3n a la sanci\u00f3n\t\t\t\t\t<\/a>\n\t\t\t\t<\/h4>\n\t\t\t\n\t\t\t\t\t\t\t\t\t\t\t\t\t\t<div class=\"fusion-rollover-categories\"><a href=\"https:\/\/renfa.sma.gob.cl\/index.php\/category\/formacion-y-capacitacion\/\" rel=\"tag\">Formaci\u00f3n y capacitaci\u00f3n<\/a><\/div>\t\t\t\t\t\n\t\t\n\t\t\t\t<a class=\"fusion-link-wrapper\" href=\"https:\/\/renfa.sma.gob.cl\/index.php\/2018\/09\/28\/seminario-internacional-promocion-del-cumplimiento-ambiental-una-mirada-desde-la-fiscalizacion-a-la-sancion\/\" aria-label=\"Seminario internacional: Promoci\u00f3n del Cumplimiento Ambiental, una mirada desde la fiscalizaci\u00f3n a la sanci\u00f3n\"><\/a>\n\t<\/div>\n<\/div>\n\n\t\n<\/div>\n<\/li>\n\t\t\t\n\t\t\t\n\t\t\t\t\t\t\t\t\t\t\t\t\t\t\t\t\t\t\t\t\t\t\t\t\t\t\t\t\t\t\t\t\t\t\t\t\t\t\t\t\t\t\t\t\t\t\t\t\t\t\t\t\t\t\t\t\t\t\t\t\t\t\t\t\t\t\t\t<\/ul>\n\t<\/div>\n\t<div class=\"fusion-post-content post-content\"><h2 class=\"blog-shortcode-post-title entry-title\"><a href=\"https:\/\/renfa.sma.gob.cl\/index.php\/2018\/09\/28\/seminario-internacional-promocion-del-cumplimiento-ambiental-una-mirada-desde-la-fiscalizacion-a-la-sancion\/\">Seminario internacional: Promoci\u00f3n del Cumplimiento Ambiental, una mirada desde la fiscalizaci\u00f3n a la sanci\u00f3n<\/a><\/h2><div class=\"fusion-post-content-container\"><p> Seminario enmarcado en el Plan de trabajo de la RENFA, organizado en forma conjunta por la Superintendencia del Medio Ambiente y la\u00a0Agencia de Protecci\u00f3n Ambiental de los Estados Unidos (US EPA), cuyo objetivo era\u00a0entregar [...]<\/p><\/div><\/div><div class=\"fusion-clearfix\"><\/div><div class=\"fusion-meta-info\"><div class=\"fusion-alignleft\"><span class=\"vcard\" style=\"display: none;\"><span class=\"fn\"><a href=\"https:\/\/renfa.sma.gob.cl\/index.php\/author\/paola-jara\/\" title=\"Publicados por Paola Jara\" rel=\"author\">Paola Jara<\/a><\/span><\/span><span class=\"updated\" style=\"display:none;\">2019-01-17T13:03:01-03:00<\/span><span>Septiembre 28th, 2018<\/span><span class=\"fusion-inline-sep\">|<\/span>Categories: <a href=\"https:\/\/renfa.sma.gob.cl\/index.php\/category\/formacion-y-capacitacion\/\" rel=\"category tag\">Formaci\u00f3n y capacitaci\u00f3n<\/a><span class=\"fusion-inline-sep\">|<\/span><span class=\"fusion-comments\"><a href=\"https:\/\/renfa.sma.gob.cl\/index.php\/2018\/09\/28\/seminario-internacional-promocion-del-cumplimiento-ambiental-una-mirada-desde-la-fiscalizacion-a-la-sancion\/#respond\">0 Comments<\/a><\/span><\/div><div class=\"fusion-alignright\"><a class=\"fusion-read-more\" href=\"https:\/\/renfa.sma.gob.cl\/index.php\/2018\/09\/28\/seminario-internacional-promocion-del-cumplimiento-ambiental-una-mirada-desde-la-fiscalizacion-a-la-sancion\/\">Read More<\/a><\/div><\/div><\/article>\n<article id=\"blog-1-post-14554\" class=\"fusion-post-medium post-14554 post type-post status-publish format-standard has-post-thumbnail hentry category-formacion-y-capacitacion\">\n\t<style type=\"text\/css\">\n\t\t\n\t\t\n\t\t\n\t\t\n\t\t\t<\/style>\n\n\n\t\t\t<div class=\"fusion-flexslider flexslider fusion-flexslider-loading fusion-post-slideshow\" style=\"\">\n\t\t<ul class=\"slides\">\n\t\t\t\n\t\t\t\t\t\t\t\t\t\t\t\t\t\t<li>\n\n<div  class=\"fusion-image-wrapper fusion-image-size-fixed\" aria-haspopup=\"true\">\n\t\n\t\n\t\t\n\t\t\t\t\t<img width=\"320\" height=\"202\" src=\"https:\/\/renfa.sma.gob.cl\/wp-content\/uploads\/2018\/01\/2-320x202.jpg\" class=\"attachment-blog-medium size-blog-medium wp-post-image\" alt=\"\" decoding=\"async\" srcset=\"https:\/\/renfa.sma.gob.cl\/wp-content\/uploads\/2018\/01\/2-320x202.jpg 320w, https:\/\/renfa.sma.gob.cl\/wp-content\/uploads\/2018\/01\/2-700x441.jpg 700w\" sizes=\"(max-width: 320px) 100vw, 320px\" \/>\n\t\n\n\t\t<div class=\"fusion-rollover\">\n\t<div class=\"fusion-rollover-content\">\n\n\t\t\t\t\t\t\t\t\t\t\t\t\t\t<a class=\"fusion-rollover-link\" href=\"https:\/\/renfa.sma.gob.cl\/index.php\/2018\/01\/17\/seminario-transformacion-digital-en-la-sma\/\">Seminario: Transformaci\u00f3n digital en la SMA<\/a>\n\t\t\t\n\t\t\t\t\t\t\t\t\t\t\t\t\t\t\n\t\t\t\t\t\t\t\t\n\t\t\t\t\t\t\t\t\t\t\t\t\t<div class=\"fusion-rollover-sep\"><\/div>\n\t\t\t\t\n\t\t\t\t\t\t\t\t\t\t\t\t\t\t\t\t\t\t<a class=\"fusion-rollover-gallery\" href=\"https:\/\/renfa.sma.gob.cl\/wp-content\/uploads\/2018\/01\/2.jpg\" data-id=\"14554\" data-rel=\"iLightbox[gallery]\" data-title=\"2\" data-caption=\"\">\n\t\t\t\t\t\tGallery\t\t\t\t\t<\/a>\n\t\t\t\t\t\t\t\t\t\t\t\t\t\t\n\t\t\t\t\n\t\t\t\t\t\t\t\t\t\t\t\t<h4 class=\"fusion-rollover-title\">\n\t\t\t\t\t<a href=\"https:\/\/renfa.sma.gob.cl\/index.php\/2018\/01\/17\/seminario-transformacion-digital-en-la-sma\/\">\n\t\t\t\t\t\tSeminario: Transformaci\u00f3n digital en la SMA\t\t\t\t\t<\/a>\n\t\t\t\t<\/h4>\n\t\t\t\n\t\t\t\t\t\t\t\t\t\t\t\t\t\t<div class=\"fusion-rollover-categories\"><a href=\"https:\/\/renfa.sma.gob.cl\/index.php\/category\/formacion-y-capacitacion\/\" rel=\"tag\">Formaci\u00f3n y capacitaci\u00f3n<\/a><\/div>\t\t\t\t\t\n\t\t\n\t\t\t\t<a class=\"fusion-link-wrapper\" href=\"https:\/\/renfa.sma.gob.cl\/index.php\/2018\/01\/17\/seminario-transformacion-digital-en-la-sma\/\" aria-label=\"Seminario: Transformaci\u00f3n digital en la SMA\"><\/a>\n\t<\/div>\n<\/div>\n\n\t\n<\/div>\n<\/li>\n\t\t\t\n\t\t\t\n\t\t\t\t\t\t\t\t\t\t\t\t\t\t\t\t\t\t\t\t\t\t\t\t\t\t\t\t\t\t\t\t\t\t\t\t\t\t\t\t\t\t\t\t\t\t\t\t\t\t\t\t\t\t\t\t\t\t\t\t\t\t\t\t\t\t\t\t<\/ul>\n\t<\/div>\n\t<div class=\"fusion-post-content post-content\"><h2 class=\"blog-shortcode-post-title entry-title\"><a href=\"https:\/\/renfa.sma.gob.cl\/index.php\/2018\/01\/17\/seminario-transformacion-digital-en-la-sma\/\">Seminario: Transformaci\u00f3n digital en la SMA<\/a><\/h2><div class=\"fusion-post-content-container\"><p>El d\u00eda martes 19 de diciembre, se llevo ca cabo el Seminario\u00a0\u201cCumplimiento Ambiental 2.0: transformaci\u00f3n digital en la SMA\u201d, con la participaci\u00f3n de cerca de 60 profesionales miembros de la RENFA y del sector privado. [...]<\/p><\/div><\/div><div class=\"fusion-clearfix\"><\/div><div class=\"fusion-meta-info\"><div class=\"fusion-alignleft\"><span class=\"vcard\" style=\"display: none;\"><span class=\"fn\"><a href=\"https:\/\/renfa.sma.gob.cl\/index.php\/author\/paola-jara\/\" title=\"Publicados por Paola Jara\" rel=\"author\">Paola Jara<\/a><\/span><\/span><span class=\"updated\" style=\"display:none;\">2018-04-06T12:23:11-03:00<\/span><span>Enero 17th, 2018<\/span><span class=\"fusion-inline-sep\">|<\/span>Categories: <a href=\"https:\/\/renfa.sma.gob.cl\/index.php\/category\/formacion-y-capacitacion\/\" rel=\"category tag\">Formaci\u00f3n y capacitaci\u00f3n<\/a><span class=\"fusion-inline-sep\">|<\/span><span class=\"fusion-comments\"><a href=\"https:\/\/renfa.sma.gob.cl\/index.php\/2018\/01\/17\/seminario-transformacion-digital-en-la-sma\/#respond\">0 Comments<\/a><\/span><\/div><div class=\"fusion-alignright\"><a class=\"fusion-read-more\" href=\"https:\/\/renfa.sma.gob.cl\/index.php\/2018\/01\/17\/seminario-transformacion-digital-en-la-sma\/\">Read More<\/a><\/div><\/div><\/article>\n<article id=\"blog-1-post-14167\" class=\"fusion-post-medium post-14167 post type-post status-publish format-standard has-post-thumbnail hentry category-formacion-y-capacitacion\">\n\t<style type=\"text\/css\">\n\t\t\n\t\t\n\t\t\n\t\t\n\t\t\t<\/style>\n\n\n\t\t\t<div class=\"fusion-flexslider flexslider fusion-flexslider-loading fusion-post-slideshow\" style=\"\">\n\t\t<ul class=\"slides\">\n\t\t\t\n\t\t\t\t\t\t\t\t\t\t\t\t\t\t<li>\n\n<div  class=\"fusion-image-wrapper fusion-image-size-fixed\" aria-haspopup=\"true\">\n\t\n\t\n\t\t\n\t\t\t\t\t<img width=\"320\" height=\"202\" src=\"https:\/\/renfa.sma.gob.cl\/wp-content\/uploads\/2017\/08\/imagen-ok-320x202.jpg\" class=\"attachment-blog-medium size-blog-medium wp-post-image\" alt=\"\" decoding=\"async\" srcset=\"https:\/\/renfa.sma.gob.cl\/wp-content\/uploads\/2017\/08\/imagen-ok-320x202.jpg 320w, https:\/\/renfa.sma.gob.cl\/wp-content\/uploads\/2017\/08\/imagen-ok-700x441.jpg 700w\" sizes=\"(max-width: 320px) 100vw, 320px\" \/>\n\t\n\n\t\t<div class=\"fusion-rollover\">\n\t<div class=\"fusion-rollover-content\">\n\n\t\t\t\t\t\t\t\t\t\t\t\t\t\t<a class=\"fusion-rollover-link\" href=\"https:\/\/renfa.sma.gob.cl\/index.php\/2017\/08\/25\/seminario-gestion-del-riesgo-en-materias-de-residuos-sitios-contaminados-e-incidentes-ambientales\/\">Seminario: Gesti\u00f3n del Riesgo en materias de residuos, sitios contaminados e incidentes ambientales<\/a>\n\t\t\t\n\t\t\t\t\t\t\t\t\t\t\t\t\t\t\n\t\t\t\t\t\t\t\t\n\t\t\t\t\t\t\t\t\t\t\t\t\t<div class=\"fusion-rollover-sep\"><\/div>\n\t\t\t\t\n\t\t\t\t\t\t\t\t\t\t\t\t\t\t\t\t\t\t<a class=\"fusion-rollover-gallery\" href=\"https:\/\/renfa.sma.gob.cl\/wp-content\/uploads\/2017\/08\/imagen-ok.jpg\" data-id=\"14167\" data-rel=\"iLightbox[gallery]\" data-title=\"imagen ok\" data-caption=\"\">\n\t\t\t\t\t\tGallery\t\t\t\t\t<\/a>\n\t\t\t\t\t\t\t\t\t\t\t\t\t\t\n\t\t\t\t\n\t\t\t\t\t\t\t\t\t\t\t\t<h4 class=\"fusion-rollover-title\">\n\t\t\t\t\t<a href=\"https:\/\/renfa.sma.gob.cl\/index.php\/2017\/08\/25\/seminario-gestion-del-riesgo-en-materias-de-residuos-sitios-contaminados-e-incidentes-ambientales\/\">\n\t\t\t\t\t\tSeminario: Gesti\u00f3n del Riesgo en materias de residuos, sitios contaminados e incidentes ambientales\t\t\t\t\t<\/a>\n\t\t\t\t<\/h4>\n\t\t\t\n\t\t\t\t\t\t\t\t\t\t\t\t\t\t<div class=\"fusion-rollover-categories\"><a href=\"https:\/\/renfa.sma.gob.cl\/index.php\/category\/formacion-y-capacitacion\/\" rel=\"tag\">Formaci\u00f3n y capacitaci\u00f3n<\/a><\/div>\t\t\t\t\t\n\t\t\n\t\t\t\t<a class=\"fusion-link-wrapper\" href=\"https:\/\/renfa.sma.gob.cl\/index.php\/2017\/08\/25\/seminario-gestion-del-riesgo-en-materias-de-residuos-sitios-contaminados-e-incidentes-ambientales\/\" aria-label=\"Seminario: Gesti\u00f3n del Riesgo en materias de residuos, sitios contaminados e incidentes ambientales\"><\/a>\n\t<\/div>\n<\/div>\n\n\t\n<\/div>\n<\/li>\n\t\t\t\n\t\t\t\n\t\t\t\t\t\t\t\t\t\t\t\t\t\t\t\t\t\t\t\t\t\t\t\t\t\t\t\t\t\t\t\t\t\t\t\t\t\t\t\t\t\t\t\t\t\t\t\t\t\t\t\t\t\t\t\t\t\t\t\t\t\t\t\t\t\t\t\t<\/ul>\n\t<\/div>\n\t<div class=\"fusion-post-content post-content\"><h2 class=\"blog-shortcode-post-title entry-title\"><a href=\"https:\/\/renfa.sma.gob.cl\/index.php\/2017\/08\/25\/seminario-gestion-del-riesgo-en-materias-de-residuos-sitios-contaminados-e-incidentes-ambientales\/\">Seminario: Gesti\u00f3n del Riesgo en materias de residuos, sitios contaminados e incidentes ambientales<\/a><\/h2><div class=\"fusion-post-content-container\"><p>Seminario enmarcado en el Plan de trabajo de la RENFA, organizado en forma conjunta por la Superintendencia del Medio Ambiente y la\u00a0Agencia de Protecci\u00f3n Ambiental de los Estados Unidos (US EPA), cuyo objetivo era\u00a0entregar conocimientos [...]<\/p><\/div><\/div><div class=\"fusion-clearfix\"><\/div><div class=\"fusion-meta-info\"><div class=\"fusion-alignleft\"><span class=\"vcard\" style=\"display: none;\"><span class=\"fn\"><a href=\"https:\/\/renfa.sma.gob.cl\/index.php\/author\/paola-jara\/\" title=\"Publicados por Paola Jara\" rel=\"author\">Paola Jara<\/a><\/span><\/span><span class=\"updated\" style=\"display:none;\">2018-04-06T12:23:12-03:00<\/span><span>Agosto 25th, 2017<\/span><span class=\"fusion-inline-sep\">|<\/span>Categories: <a href=\"https:\/\/renfa.sma.gob.cl\/index.php\/category\/formacion-y-capacitacion\/\" rel=\"category tag\">Formaci\u00f3n y capacitaci\u00f3n<\/a><span class=\"fusion-inline-sep\">|<\/span><span class=\"fusion-comments\"><a href=\"https:\/\/renfa.sma.gob.cl\/index.php\/2017\/08\/25\/seminario-gestion-del-riesgo-en-materias-de-residuos-sitios-contaminados-e-incidentes-ambientales\/#respond\">0 Comments<\/a><\/span><\/div><div class=\"fusion-alignright\"><a class=\"fusion-read-more\" href=\"https:\/\/renfa.sma.gob.cl\/index.php\/2017\/08\/25\/seminario-gestion-del-riesgo-en-materias-de-residuos-sitios-contaminados-e-incidentes-ambientales\/\">Read More<\/a><\/div><\/div><\/article>\n<article id=\"blog-1-post-13611\" class=\"fusion-post-medium post-13611 post type-post status-publish format-standard has-post-thumbnail hentry category-formacion-y-capacitacion\">\n\t<style type=\"text\/css\">\n\t\t\n\t\t\n\t\t\n\t\t\n\t\t\t<\/style>\n\n\n\t\t\t<div class=\"fusion-flexslider flexslider fusion-flexslider-loading fusion-post-slideshow\" style=\"\">\n\t\t<ul class=\"slides\">\n\t\t\t\n\t\t\t\t\t\t\t\t\t\t\t\t\t\t<li>\n\n<div  class=\"fusion-image-wrapper fusion-image-size-fixed\" aria-haspopup=\"true\">\n\t\n\t\n\t\t\n\t\t\t\t\t<img width=\"320\" height=\"202\" src=\"https:\/\/renfa.sma.gob.cl\/wp-content\/uploads\/2016\/09\/jornada-juridica-renfa-320x202.jpg\" class=\"attachment-blog-medium size-blog-medium wp-post-image\" alt=\"\" decoding=\"async\" srcset=\"https:\/\/renfa.sma.gob.cl\/wp-content\/uploads\/2016\/09\/jornada-juridica-renfa-320x202.jpg 320w, https:\/\/renfa.sma.gob.cl\/wp-content\/uploads\/2016\/09\/jornada-juridica-renfa-700x441.jpg 700w\" sizes=\"(max-width: 320px) 100vw, 320px\" \/>\n\t\n\n\t\t<div class=\"fusion-rollover\">\n\t<div class=\"fusion-rollover-content\">\n\n\t\t\t\t\t\t\t\t\t\t\t\t\t\t<a class=\"fusion-rollover-link\" href=\"https:\/\/renfa.sma.gob.cl\/index.php\/2016\/09\/02\/jornadas-juridicas-renfa\/\">Jornadas Jur\u00eddicas RENFA<\/a>\n\t\t\t\n\t\t\t\t\t\t\t\t\t\t\t\t\t\t\n\t\t\t\t\t\t\t\t\n\t\t\t\t\t\t\t\t\t\t\t\t\t<div class=\"fusion-rollover-sep\"><\/div>\n\t\t\t\t\n\t\t\t\t\t\t\t\t\t\t\t\t\t\t\t\t\t\t<a class=\"fusion-rollover-gallery\" href=\"https:\/\/renfa.sma.gob.cl\/wp-content\/uploads\/2016\/09\/jornada-juridica-renfa.jpg\" data-id=\"13611\" data-rel=\"iLightbox[gallery]\" data-title=\"jornada juridica renfa\" data-caption=\"\">\n\t\t\t\t\t\tGallery\t\t\t\t\t<\/a>\n\t\t\t\t\t\t\t\t\t\t\t\t\t\t\n\t\t\t\t\n\t\t\t\t\t\t\t\t\t\t\t\t<h4 class=\"fusion-rollover-title\">\n\t\t\t\t\t<a href=\"https:\/\/renfa.sma.gob.cl\/index.php\/2016\/09\/02\/jornadas-juridicas-renfa\/\">\n\t\t\t\t\t\tJornadas Jur\u00eddicas RENFA\t\t\t\t\t<\/a>\n\t\t\t\t<\/h4>\n\t\t\t\n\t\t\t\t\t\t\t\t\t\t\t\t\t\t<div class=\"fusion-rollover-categories\"><a href=\"https:\/\/renfa.sma.gob.cl\/index.php\/category\/formacion-y-capacitacion\/\" rel=\"tag\">Formaci\u00f3n y capacitaci\u00f3n<\/a><\/div>\t\t\t\t\t\n\t\t\n\t\t\t\t<a class=\"fusion-link-wrapper\" href=\"https:\/\/renfa.sma.gob.cl\/index.php\/2016\/09\/02\/jornadas-juridicas-renfa\/\" aria-label=\"Jornadas Jur\u00eddicas RENFA\"><\/a>\n\t<\/div>\n<\/div>\n\n\t\n<\/div>\n<\/li>\n\t\t\t\n\t\t\t\n\t\t\t\t\t\t\t\t\t\t\t\t\t\t\t\t\t\t\t\t\t\t\t\t\t\t\t\t\t\t\t\t\t\t\t\t\t\t\t\t\t\t\t\t\t\t\t\t\t\t\t\t\t\t\t\t\t\t\t\t\t\t\t\t\t\t\t\t<\/ul>\n\t<\/div>\n\t<div class=\"fusion-post-content post-content\"><h2 class=\"blog-shortcode-post-title entry-title\"><a href=\"https:\/\/renfa.sma.gob.cl\/index.php\/2016\/09\/02\/jornadas-juridicas-renfa\/\">Jornadas Jur\u00eddicas RENFA<\/a><\/h2><div class=\"fusion-post-content-container\"><p>instancias de encuentro para las divisiones y \u00e1reas jur\u00eddicas de la RENFA que permiten generar un espacio de discusi\u00f3n legal respecto a las potestades de fiscalizaci\u00f3n y sanci\u00f3n existentes en los distintos organismos RENFA y [...]<\/p><\/div><\/div><div class=\"fusion-clearfix\"><\/div><div class=\"fusion-meta-info\"><div class=\"fusion-alignleft\"><span class=\"vcard\" style=\"display: none;\"><span class=\"fn\"><a href=\"https:\/\/renfa.sma.gob.cl\/index.php\/author\/paola-jara\/\" title=\"Publicados por Paola Jara\" rel=\"author\">Paola Jara<\/a><\/span><\/span><span class=\"updated\" style=\"display:none;\">2018-04-06T12:23:14-03:00<\/span><span>Septiembre 2nd, 2016<\/span><span class=\"fusion-inline-sep\">|<\/span>Categories: <a href=\"https:\/\/renfa.sma.gob.cl\/index.php\/category\/formacion-y-capacitacion\/\" rel=\"category tag\">Formaci\u00f3n y capacitaci\u00f3n<\/a><span class=\"fusion-inline-sep\">|<\/span><span class=\"fusion-comments\"><a href=\"https:\/\/renfa.sma.gob.cl\/index.php\/2016\/09\/02\/jornadas-juridicas-renfa\/#respond\">0 Comments<\/a><\/span><\/div><div class=\"fusion-alignright\"><a class=\"fusion-read-more\" href=\"https:\/\/renfa.sma.gob.cl\/index.php\/2016\/09\/02\/jornadas-juridicas-renfa\/\">Read More<\/a><\/div><\/div><\/article>\n<\/div><div class=\"pagination clearfix\"><span class=\"current\">1<\/span><a href=\"https:\/\/renfa.sma.gob.cl\/index.php\/wp-json\/wp\/v2\/pages\/11794\/page\/2\/\" class=\"inactive\">2<\/a><a class=\"pagination-next\" href=\"https:\/\/renfa.sma.gob.cl\/index.php\/wp-json\/wp\/v2\/pages\/11794\/page\/2\/\"><span class=\"page-text\">Next<\/span><span class=\"page-next\"><\/span><\/a><\/div><div class=\"fusion-clearfix\"><\/div><\/div><div class=\"fusion-clearfix\"><\/div>\n\n\t\t\t\t\t<\/div>\n\t\t\t\t<\/div><\/div><\/div><\/p>\n","protected":false},"excerpt":{"rendered":"","protected":false},"author":1,"featured_media":0,"parent":0,"menu_order":0,"comment_status":"closed","ping_status":"closed","template":"","meta":{"footnotes":""},"_links":{"self":[{"href":"https:\/\/renfa.sma.gob.cl\/index.php\/wp-json\/wp\/v2\/pages\/11794"}],"collection":[{"href":"https:\/\/renfa.sma.gob.cl\/index.php\/wp-json\/wp\/v2\/pages"}],"about":[{"href":"https:\/\/renfa.sma.gob.cl\/index.php\/wp-json\/wp\/v2\/types\/page"}],"author":[{"embeddable":true,"href":"https:\/\/renfa.sma.gob.cl\/index.php\/wp-json\/wp\/v2\/users\/1"}],"replies":[{"embeddable":true,"href":"https:\/\/renfa.sma.gob.cl\/index.php\/wp-json\/wp\/v2\/comments?post=11794"}],"version-history":[{"count":7,"href":"https:\/\/renfa.sma.gob.cl\/index.php\/wp-json\/wp\/v2\/pages\/11794\/revisions"}],"predecessor-version":[{"id":14593,"href":"https:\/\/renfa.sma.gob.cl\/index.php\/wp-json\/wp\/v2\/pages\/11794\/revisions\/14593"}],"wp:attachment":[{"href":"https:\/\/renfa.sma.gob.cl\/index.php\/wp-json\/wp\/v2\/media?parent=11794"}],"curies":[{"name":"wp","href":"https:\/\/api.w.org\/{rel}","templated":true}]}}